{"id":2281,"date":"2025-07-01T12:47:47","date_gmt":"2025-07-01T10:47:47","guid":{"rendered":"https:\/\/cesas.lu\/?post_type=event&#038;p=2281"},"modified":"2025-07-01T13:06:35","modified_gmt":"2025-07-01T11:06:35","slug":"lets-talk-about-sex-letre-humain-en-tant-quetre-sexue-diversite-sexuelle-corporelle-et-de-genre","status":"publish","type":"event","link":"https:\/\/cesas.lu\/de\/event\/lets-talk-about-sex-letre-humain-en-tant-quetre-sexue-diversite-sexuelle-corporelle-et-de-genre\/","title":{"rendered":"Let\u2019s Talk about Sex \u2013 L\u2019\u00eatre humain en tant qu\u2019\u00eatre sexu\u00e9 \u2013 Diversit\u00e9 sexuelle, corporelle et de genre"},"content":{"rendered":"<p>Le projet\u00a0<i>Let's Talk about Sex!\u00a0<\/i>continue ! Vous travaillez avec des adolescent.e.s et vous vous posez des questions sur la \u00ab bonne \u00bb mani\u00e8re de faire de l\u2019\u00e9ducation \u00e0 la sant\u00e9 affective et sexuelle avec vos jeunes ou de r\u00e9pondre \u00e0 leurs questions ? Venez participer \u00e0 nos s\u00e9ances de formations portant sur diverses th\u00e9matiques en lien avec la sant\u00e9 affective et sexuelle comme l\u2019anatomie et la contraception, la diversit\u00e9 sexuelle, corporelle et de genre, les infections sexuellement transmissibles, la pr\u00e9vention, et encore plus. Anim\u00e9.e.s par des expert.e.s sur ces diff\u00e9rentes questions, ces formations vous permettront de devenir de vrai.e.s alli\u00e9.e.s pour vos jeunes.<\/p>\n<p>Inscription pour le secteur de l&rsquo;\u00e9ducation non-formelle via la Fedas <a href=\"https:\/\/www.fedas.lu\/training\/lets-talk-about-sex-letre-humain-en-tant-quetre-sexue-diversite-sexuelle-corporelle-et-de-genre-5363\">hier<\/a><\/p>\n<p>Inscription pour le secteur de l&rsquo;\u00e9ducation formelle via Ifen <a href=\"https:\/\/ssl.education.lu\/ifen\/catalog\/course\/290738?s=diversit%C3%A9\">hier<\/a><\/p>","protected":false},"featured_media":543,"template":"","meta":{"_acf_changed":false,"_piecal_is_event":true,"_piecal_start_date":"2025-10-06T13:00","_piecal_end_date":"2025-10-06T17:00","_piecal_is_allday":false},"class_list":["post-2281","event","type-event","status-publish","has-post-thumbnail","hentry"],"acf":[],"_links":{"self":[{"href":"https:\/\/cesas.lu\/de\/wp-json\/wp\/v2\/event\/2281","targetHints":{"allow":["GET"]}}],"collection":[{"href":"https:\/\/cesas.lu\/de\/wp-json\/wp\/v2\/event"}],"about":[{"href":"https:\/\/cesas.lu\/de\/wp-json\/wp\/v2\/types\/event"}],"wp:featuredmedia":[{"embeddable":true,"href":"https:\/\/cesas.lu\/de\/wp-json\/wp\/v2\/media\/543"}],"wp:attachment":[{"href":"https:\/\/cesas.lu\/de\/wp-json\/wp\/v2\/media?parent=2281"}],"curies":[{"name":"wp","href":"https:\/\/api.w.org\/{rel}","templated":true}]}}