{"id":2790,"date":"2026-01-15T12:42:06","date_gmt":"2026-01-15T11:42:06","guid":{"rendered":"https:\/\/cesas.lu\/?post_type=event&#038;p=2790"},"modified":"2026-02-11T14:22:35","modified_gmt":"2026-02-11T13:22:35","slug":"lets-talk-about-sex-les-droits-sexuels-et-les-violences-2","status":"publish","type":"event","link":"https:\/\/cesas.lu\/de\/event\/lets-talk-about-sex-les-droits-sexuels-et-les-violences-2\/","title":{"rendered":"Let\u2019s Talk about Sex \u2013 Les droits sexuels et les violences"},"content":{"rendered":"<p>D\u00ebs Formatioun ass eng Af\u00e9ierung fir d&rsquo;Benotzung vum Guide Let&rsquo;s Talk about Sex!. Si \u00ebmfaasst allgemeng Informatioune iwwert d\u2019affektiv a sexuell Gesondheet souw\u00e9i m\u00e9i spezifesch Inhalter aus dem Kapitel 5 vum Guide, wat sech mat sexuelle Rechter a Gewalt besch\u00e4ftegt. Fir sech dem Thema vun der sexualis\u00e9ierter Gewalt unzehuelen, ass et wichteg d&rsquo;Mechanisme vun der Gewalt, d&rsquo;Strategi\u00eb vun den T\u00e4ter.innen an d&rsquo;Konsequenze fir d\u00e9i Betraffen ze verstoen. Mir diskut\u00e9ieren iwwer d\u2018Sensibilis\u00e9ierung vun de Jonken zum Thema Konsens an zu de Forme vu sexuellem M\u00ebssbrauch; mir schw\u00e4tzen och doriwwer, w\u00e9i wichteg et ass, sech ze offenbaren, wann et zu engem Iwwergr\u00ebff k\u00ebnnt. hFir d\u00e9i Professionell op d\u00ebs spezifesch Preventiounsthemen ze prepar\u00e9ieren, w\u00e4erte mir och op hier berufflech Haltung agoen. D\u00ebs Formatioun soll si doran \u00ebnnerst\u00ebtzen, de Jugendlechen ob hier Froen iwwer sexuell Rechter a Gewalt ze \u00e4ntweren.<\/p>\n<p>Anmeldung via Ifen: <a href=\"https:\/\/ssl.education.lu\/ifen\/catalog\/course\/287905?s=ltas\">https:\/\/ssl.education.lu\/ifen\/catalog\/course\/287905?s=ltas<\/a><\/p>\n<p>Inscription pour le non-formel: <a href=\"https:\/\/plattform.public.lu\/fr\/formations-standard\/3000\/3800\/3804.html\">https:\/\/plattform.public.lu\/fr\/formations-standard\/3000\/3800\/3804.html<\/a><\/p>","protected":false},"featured_media":544,"template":"","meta":{"_acf_changed":false,"_piecal_is_event":true,"_piecal_start_date":"2026-04-15T09:00","_piecal_end_date":"2026-04-15T13:00","_piecal_is_allday":false},"class_list":["post-2790","event","type-event","status-publish","has-post-thumbnail","hentry"],"acf":[],"_links":{"self":[{"href":"https:\/\/cesas.lu\/de\/wp-json\/wp\/v2\/event\/2790","targetHints":{"allow":["GET"]}}],"collection":[{"href":"https:\/\/cesas.lu\/de\/wp-json\/wp\/v2\/event"}],"about":[{"href":"https:\/\/cesas.lu\/de\/wp-json\/wp\/v2\/types\/event"}],"wp:featuredmedia":[{"embeddable":true,"href":"https:\/\/cesas.lu\/de\/wp-json\/wp\/v2\/media\/544"}],"wp:attachment":[{"href":"https:\/\/cesas.lu\/de\/wp-json\/wp\/v2\/media?parent=2790"}],"curies":[{"name":"wp","href":"https:\/\/api.w.org\/{rel}","templated":true}]}}